{"id":8731,"date":"2024-03-01T14:19:34","date_gmt":"2024-03-01T17:19:34","guid":{"rendered":"http:\/\/saec.sp.gov.br\/?page_id=8731"},"modified":"2024-03-28T14:30:48","modified_gmt":"2024-03-28T17:30:48","slug":"taxa-de-coleta-de-lixo-na-conta-de-agua","status":"publish","type":"page","link":"https:\/\/saec.sp.gov.br\/index.php\/taxa-de-coleta-de-lixo-na-conta-de-agua\/","title":{"rendered":"Taxa de coleta de lixo ser\u00e1 inserida na conta de \u00e1gua e dividida em 10 parcelas, a partir de mar\u00e7o de 2024"},"content":{"rendered":"<p>Mudan\u00e7a! A taxa de coleta de res\u00edduos s\u00f3lidos, mais conhecida como taxa do lixo, a partir de mar\u00e7o de 2024, constar\u00e1 na fatura de \u00e1gua e esgoto dos moradores de Catanduva e ser\u00e1 parcelada em 10 meses. A medida adotada pela Superintend\u00eancia de \u00c1gua e Esgoto de Catanduva, Saec, visa facilitar o contribuinte, al\u00e9m de gerar uma economia aos cofres p\u00fablicos de mais de R$ 200 mil por ano.<\/p>\n<p>Antes, a cobran\u00e7a era entregue aos mun\u00edcipes em forma de carn\u00ea, no segundo semestre do ano. O contribuinte tinha a op\u00e7\u00e3o de dividir o valor em at\u00e9 tr\u00eas meses.<\/p>\n<p>&#8221; A inser\u00e7\u00e3o na conta de \u00e1gua tamb\u00e9m trar\u00e1 mais facilidade para o mun\u00edcipe, uma vez que n\u00e3o precisar\u00e1 mais de carn\u00ea e isso, consequentemente diminuir\u00e1 os custos administrativos, ou seja, uma grande economia para a autarquia. E n\u00e3o ter\u00e1 nenhum aumento para o contribuinte e sim, facilidade na forma de pagamento. A partir de agora, ser\u00e1 divis\u00edvel em 10 meses\u201d, informa Renato Centurion Stuchi, diretor financeiro da SAEC.<\/p>\n<p>A medida entra em vigor nesta sexta-feira, dia 1\u00ba de mar\u00e7o.<\/p>\n<p>Os contribuintes, institui\u00e7\u00f5es e entidades que tem o direito \u00e0 isen\u00e7\u00e3o da taxa, deve requerer o benef\u00edcio junto a Central de Atendimento da SAEC.<\/p>\n<p><strong>SERVI\u00c7O<\/strong><\/p>\n<p>A Central de Atendimento da SAEC atende de segunda a sexta, das 8h \u00e0s 16h30. Mais informa\u00e7\u00f5es podem ser obtidas pelo 0800-723-0602.<\/p>\n<p>&nbsp;<\/p>\n<p>1\u00ba\/03\/2024<\/p>\n","protected":false},"excerpt":{"rendered":"<p>Mudan\u00e7a! A taxa de coleta de res\u00edduos s\u00f3lidos, mais conhecida como taxa do lixo, a partir de mar\u00e7o de 2024, constar\u00e1 na fatura de \u00e1gua e esgoto dos moradores de Catanduva e ser\u00e1 parcelada em 10 meses. A medida adotada pela Superintend\u00eancia de \u00c1gua e Esgoto de Catanduva, Saec, visa facilitar o contribuinte, al\u00e9m de [&hellip;]<\/p>\n","protected":false},"author":12,"featured_media":0,"parent":0,"menu_order":0,"comment_status":"closed","ping_status":"closed","template":"","meta":{"footnotes":""},"yoast_head":"<!-- This site is optimized with the Yoast SEO plugin v15.3 - https:\/\/yoast.com\/wordpress\/plugins\/seo\/ -->\n<title>Taxa de coleta de lixo ser\u00e1 inserida na conta de \u00e1gua e dividida em 10 parcelas, a partir de mar\u00e7o de 2024 - SAEC Superintendencia de Agua e Esgoto de Catanduva<\/title>\n<meta name=\"robots\" content=\"index, follow, max-snippet:-1, max-image-preview:large, max-video-preview:-1\" \/>\n<link rel=\"canonical\" href=\"https:\/\/saec.sp.gov.br\/index.php\/taxa-de-coleta-de-lixo-na-conta-de-agua\/\" \/>\n<meta property=\"og:locale\" content=\"pt_BR\" \/>\n<meta property=\"og:type\" content=\"article\" \/>\n<meta property=\"og:title\" content=\"Taxa de coleta de lixo ser\u00e1 inserida na conta de \u00e1gua e dividida em 10 parcelas, a partir de mar\u00e7o de 2024 - SAEC Superintendencia de Agua e Esgoto de Catanduva\" \/>\n<meta property=\"og:description\" content=\"Mudan\u00e7a! A taxa de coleta de res\u00edduos s\u00f3lidos, mais conhecida como taxa do lixo, a partir de mar\u00e7o de 2024, constar\u00e1 na fatura de \u00e1gua e esgoto dos moradores de Catanduva e ser\u00e1 parcelada em 10 meses. A medida adotada pela Superintend\u00eancia de \u00c1gua e Esgoto de Catanduva, Saec, visa facilitar o contribuinte, al\u00e9m de [&hellip;]\" \/>\n<meta property=\"og:url\" content=\"https:\/\/saec.sp.gov.br\/index.php\/taxa-de-coleta-de-lixo-na-conta-de-agua\/\" \/>\n<meta property=\"og:site_name\" content=\"SAEC Superintendencia de Agua e Esgoto de Catanduva\" \/>\n<meta property=\"article:modified_time\" content=\"2024-03-28T17:30:48+00:00\" \/>\n<meta name=\"twitter:card\" content=\"summary\" \/>\n<meta name=\"twitter:label1\" content=\"Written by\">\n\t<meta name=\"twitter:data1\" content=\"Karla Sibro\">\n\t<meta name=\"twitter:label2\" content=\"Est. reading time\">\n\t<meta name=\"twitter:data2\" content=\"1 minuto\">\n<script type=\"application\/ld+json\" class=\"yoast-schema-graph\">{\"@context\":\"https:\/\/schema.org\",\"@graph\":[{\"@type\":\"WebSite\",\"@id\":\"https:\/\/saec.sp.gov.br\/#website\",\"url\":\"https:\/\/saec.sp.gov.br\/\",\"name\":\"SAEC Superintendencia de Agua e Esgoto de Catanduva\",\"description\":\"SAEC\",\"potentialAction\":[{\"@type\":\"SearchAction\",\"target\":\"https:\/\/saec.sp.gov.br\/?s={search_term_string}\",\"query-input\":\"required name=search_term_string\"}],\"inLanguage\":\"pt-BR\"},{\"@type\":\"WebPage\",\"@id\":\"https:\/\/saec.sp.gov.br\/index.php\/taxa-de-coleta-de-lixo-na-conta-de-agua\/#webpage\",\"url\":\"https:\/\/saec.sp.gov.br\/index.php\/taxa-de-coleta-de-lixo-na-conta-de-agua\/\",\"name\":\"Taxa de coleta de lixo ser\\u00e1 inserida na conta de \\u00e1gua e dividida em 10 parcelas, a partir de mar\\u00e7o de 2024 - SAEC Superintendencia de Agua e Esgoto de Catanduva\",\"isPartOf\":{\"@id\":\"https:\/\/saec.sp.gov.br\/#website\"},\"datePublished\":\"2024-03-01T17:19:34+00:00\",\"dateModified\":\"2024-03-28T17:30:48+00:00\",\"inLanguage\":\"pt-BR\",\"potentialAction\":[{\"@type\":\"ReadAction\",\"target\":[\"https:\/\/saec.sp.gov.br\/index.php\/taxa-de-coleta-de-lixo-na-conta-de-agua\/\"]}]}]}<\/script>\n<!-- \/ Yoast SEO plugin. -->","amp_validity":null,"amp_enabled":true,"_links":{"self":[{"href":"https:\/\/saec.sp.gov.br\/index.php\/wp-json\/wp\/v2\/pages\/8731"}],"collection":[{"href":"https:\/\/saec.sp.gov.br\/index.php\/wp-json\/wp\/v2\/pages"}],"about":[{"href":"https:\/\/saec.sp.gov.br\/index.php\/wp-json\/wp\/v2\/types\/page"}],"author":[{"embeddable":true,"href":"https:\/\/saec.sp.gov.br\/index.php\/wp-json\/wp\/v2\/users\/12"}],"replies":[{"embeddable":true,"href":"https:\/\/saec.sp.gov.br\/index.php\/wp-json\/wp\/v2\/comments?post=8731"}],"version-history":[{"count":5,"href":"https:\/\/saec.sp.gov.br\/index.php\/wp-json\/wp\/v2\/pages\/8731\/revisions"}],"predecessor-version":[{"id":8736,"href":"https:\/\/saec.sp.gov.br\/index.php\/wp-json\/wp\/v2\/pages\/8731\/revisions\/8736"}],"wp:attachment":[{"href":"https:\/\/saec.sp.gov.br\/index.php\/wp-json\/wp\/v2\/media?parent=8731"}],"curies":[{"name":"wp","href":"https:\/\/api.w.org\/{rel}","templated":true}]}}